{"id":1009,"date":"2023-12-14T09:44:43","date_gmt":"2023-12-14T08:44:43","guid":{"rendered":"https:\/\/osetavoie.com\/?page_id=1009"},"modified":"2025-07-21T17:07:07","modified_gmt":"2025-07-21T15:07:07","slug":"coach-en-evolution-professionnelle","status":"publish","type":"page","link":"https:\/\/osetavoie.com\/index.php\/coach-en-evolution-professionnelle\/","title":{"rendered":"Coach en \u00e9volution professionnelle"},"content":{"rendered":"\n<div class=\"wp-block-columns is-layout-flex wp-container-core-columns-is-layout-9d6595d7 wp-block-columns-is-layout-flex\">\n<div class=\"wp-block-column is-layout-flow wp-block-column-is-layout-flow\">\n<p>Parce que l&rsquo;environnement professionnel peut \u00eatre parfois hostile et exigeant, se faire accompagner pour redevenir acteur de sa vie professionnelle.<\/p>\n\n\n\n<ul class=\"wp-block-list\">\n<li>(re)trouver un \u00e9quilibre vie professionnelle \/ vie personnelle<\/li>\n\n\n\n<li>d\u00e9velopper son assertivit\u00e9 professionnelle (s&rsquo;affirmer tout en respectant l&rsquo;autre) <\/li>\n\n\n\n<li>g\u00e9rer son temps \/ son stress<\/li>\n\n\n\n<li>trouver sa place dans l&rsquo;organisation<\/li>\n<\/ul>\n\n\n\n<h2 class=\"wp-block-heading has-accent-color has-text-color has-link-color has-normal-font-size wp-elements-2d26ab61a151fc95a3307defec951c03\"><strong>Ma promesse<\/strong><\/h2>\n\n\n\n<p>D\u00e9velopper votre niveau de conscience et d&rsquo;autonomie face \u00e0 vos probl\u00e9matiques professionnelles pour vous permettre d&rsquo;acc\u00e9der \u00e0 plus de satisfaction dans votre travail, d&rsquo;\u00e9quilibre dans votre vie et de confiance en vos capacit\u00e9s.<\/p>\n\n\n\n<h2 class=\"wp-block-heading has-accent-color has-text-color has-link-color has-normal-font-size wp-elements-f4b07bde2d77d31e05cc75e5bbf5f194\"><strong>Ma posture<\/strong><\/h2>\n\n\n\n<p>La posture est fondamentale dans mon approche. <\/p>\n\n\n\n<p>Le coach n&rsquo;a pas une posture de sachant mais de facilitateur. Il est au m\u00eame niveau que le coach\u00e9, qu&rsquo;il va aider par son \u00e9coute active, son intuition, son questionnement, \u00e0 accoucher de ses propres r\u00e9ponses, sans jugement.<\/p>\n\n\n\n<p>Le coach est aussi garant du cadre du coaching : d\u00e9ontologie, contrat, dur\u00e9e, objectifs.<br>La posture et le respect du cadre permettent de cr\u00e9er l&rsquo;alliance avec le coach\u00e9 dans la confiance, et la s\u00e9curit\u00e9 pour acc\u00e9der \u00e0 son potentiel.<\/p>\n\n\n\n<h2 class=\"wp-block-heading has-accent-color has-text-color has-link-color has-normal-font-size wp-elements-ed74a9bede587a39f080d260e75953be\"><strong>Process<\/strong><\/h2>\n\n\n\n<p>Je vous proposer une s\u00e9ance exploratoire offerte au cours de laquelle, nous identifions vos objectifs et les aspects sur lesquels vous avez la responsabilit\u00e9 d&rsquo;agir et nous \u00e9tablissons un plan d&rsquo;action personnalis\u00e9, tout en travaillant sur votre \u00e9tat d&rsquo;esprit.<\/p>\n\n\n\n<h2 class=\"wp-block-heading has-text-align-center has-accent-color has-text-color has-link-color has-large-font-size wp-elements-b9fb7eb25673d9535596f4ff3ead6282\"><strong>T\u00e9moignages<\/strong><\/h2>\n\n\n\n<div class=\"wp-block-group has-white-background-color has-background\" style=\"padding-top:24px;padding-right:24px;padding-bottom:24px;padding-left:24px\"><div class=\"wp-block-group__inner-container is-layout-constrained wp-container-core-group-is-layout-4c7aa854 wp-block-group-is-layout-constrained\"><div class=\"wp-block-image is-style-rounded\">\n<figure class=\"aligncenter size-full is-resized\"><img loading=\"lazy\" decoding=\"async\" width=\"201\" height=\"201\" src=\"http:\/\/osetavoie.com\/wp-content\/uploads\/2025\/07\/13-Caroline-Akande.jpg\" alt=\"\" class=\"wp-image-1557\" style=\"width:100px;height:100px\" srcset=\"https:\/\/osetavoie.com\/wp-content\/uploads\/2025\/07\/13-Caroline-Akande.jpg 201w, https:\/\/osetavoie.com\/wp-content\/uploads\/2025\/07\/13-Caroline-Akande-150x150.jpg 150w, https:\/\/osetavoie.com\/wp-content\/uploads\/2025\/07\/13-Caroline-Akande-100x100.jpg 100w\" sizes=\"auto, (max-width: 201px) 100vw, 201px\" \/><\/figure>\n<\/div>\n\n\n<div style=\"height:10px\" aria-hidden=\"true\" class=\"wp-block-spacer\"><\/div>\n\n\n\n<h3 class=\"wp-block-heading has-text-align-center has-accent-color has-text-color has-link-color has-normal-font-size wp-elements-6b516ea2245c1d1395fb2eaf7e6e4a02\">Caroline Akande<\/h3>\n\n\n\n<p class=\"has-text-align-center has-small-font-size\" style=\"text-transform:uppercase\"><strong>Responsable \u0178Equipe &#8211; FBF<\/strong><\/p>\n\n\n\n<p class=\"has-text-align-center\" style=\"font-size:14px\">\u00ab\u00a0J\u2019ai eu l&rsquo;opportunit\u00e9 de b\u00e9n\u00e9ficier de 5 s\u00e9ances de coaching avec Estelle Cunat \u00e0 un moment o\u00f9 je faisais face \u00e0 une forte pression professionnelle et \u00e0 un management oppressant. Mon objectif principal \u00e9tait de r\u00e9ussir \u00e0 m\u2019exprimer avec plus d\u2019aisance lors des r\u00e9unions, tout en apprenant \u00e0 mieux g\u00e9rer le stress li\u00e9 \u00e0 mon environnement de travail.<br><br>Estelle m\u2019a offert un accompagnement \u00e0 la fois structur\u00e9, bienveillant et profond\u00e9ment humain, \u00e0 l\u2019aide de super outils qui m\u2019ont permis de mieux me conna\u00eetre. Elle a su cr\u00e9er un espace d\u2019\u00e9coute et de confiance, tout en me guidant de fa\u00e7on concr\u00e8te vers des solutions adapt\u00e9es \u00e0 ma situation. <br>Gr\u00e2ce \u00e0 ce coaching, j\u2019ai gagn\u00e9 en confiance, j\u2019ai appris \u00e0 mieux poser mes id\u00e9es, \u00e0 affirmer ma position et \u00e0 prendre du recul dans des situations tendues. Cet accompagnement a marqu\u00e9 un tournant positif dans ma posture professionnelle.<br><br>Je recommande vivement Estelle Cunat \u00e0 toute personne confront\u00e9e \u00e0 des d\u00e9fis professionnels. Elle sait cr\u00e9er un espace de confiance o\u00f9 les blocages se transforment peu \u00e0 peu en leviers de progression.\u00a0\u00bb<\/p>\n\n\n\n<p class=\"has-text-align-center\"><\/p>\n<\/div><\/div>\n\n\n\n<div class=\"wp-block-group has-white-background-color has-background\" style=\"padding-top:24px;padding-right:24px;padding-bottom:24px;padding-left:24px\"><div class=\"wp-block-group__inner-container is-layout-constrained wp-container-core-group-is-layout-4c7aa854 wp-block-group-is-layout-constrained\"><div class=\"wp-block-image is-style-rounded\">\n<figure class=\"aligncenter size-full is-resized\"><img loading=\"lazy\" decoding=\"async\" width=\"354\" height=\"354\" src=\"https:\/\/osetavoie.com\/wp-content\/uploads\/2024\/04\/12-Cyrille-Vilon.jpeg\" alt=\"\" class=\"wp-image-1513\" style=\"width:100px;height:100px\" srcset=\"https:\/\/osetavoie.com\/wp-content\/uploads\/2024\/04\/12-Cyrille-Vilon.jpeg 354w, https:\/\/osetavoie.com\/wp-content\/uploads\/2024\/04\/12-Cyrille-Vilon-300x300.jpeg 300w, https:\/\/osetavoie.com\/wp-content\/uploads\/2024\/04\/12-Cyrille-Vilon-150x150.jpeg 150w, https:\/\/osetavoie.com\/wp-content\/uploads\/2024\/04\/12-Cyrille-Vilon-100x100.jpeg 100w\" sizes=\"auto, (max-width: 354px) 100vw, 354px\" \/><\/figure>\n<\/div>\n\n\n<div style=\"height:10px\" aria-hidden=\"true\" class=\"wp-block-spacer\"><\/div>\n\n\n\n<h3 class=\"wp-block-heading has-text-align-center has-accent-color has-text-color has-link-color has-normal-font-size wp-elements-c7ab91d2518d9d247d99c803dda7ae84\">Cyrille Vilon<\/h3>\n\n\n\n<p class=\"has-text-align-center has-small-font-size\" style=\"text-transform:uppercase\"><strong>Ing\u00e9nieur d\u00e9veloppement confirm\u00e9 Aareon France<\/strong><\/p>\n\n\n\n<p class=\"has-text-align-center\" style=\"font-size:14px\">\u00ab\u00a0C&rsquo;est un plaisir pour moi de recommander Estelle Cunat, en tant que coach, pour son \u00e9coute, sa clairvoyance, sa perspicacit\u00e9 et sa vision.<br>Ces qualit\u00e9s pr\u00e9cieuses combin\u00e9es \u00e0 son sens aigu de l\u2019organisation et son engagement in\u00e9branlable dans son accompagnement et le respect du cadre ont un impact positif aupr\u00e8s de la personne qu\u2019elle coache.\u00a0\u00bb<\/p>\n<\/div><\/div>\n\n\n\n<div class=\"wp-block-group has-white-background-color has-background\" style=\"padding-top:24px;padding-right:24px;padding-bottom:24px;padding-left:24px\"><div class=\"wp-block-group__inner-container is-layout-constrained wp-container-core-group-is-layout-4c7aa854 wp-block-group-is-layout-constrained\"><div class=\"wp-block-image is-style-rounded\">\n<figure class=\"aligncenter size-full is-resized\"><img loading=\"lazy\" decoding=\"async\" width=\"800\" height=\"800\" src=\"http:\/\/osetavoie.com\/wp-content\/uploads\/2023\/12\/02-Jade-Senechal.jpeg\" alt=\"\" class=\"wp-image-948\" style=\"width:100px;height:100px\" srcset=\"https:\/\/osetavoie.com\/wp-content\/uploads\/2023\/12\/02-Jade-Senechal.jpeg 800w, https:\/\/osetavoie.com\/wp-content\/uploads\/2023\/12\/02-Jade-Senechal-100x100.jpeg 100w, https:\/\/osetavoie.com\/wp-content\/uploads\/2023\/12\/02-Jade-Senechal-600x600.jpeg 600w, https:\/\/osetavoie.com\/wp-content\/uploads\/2023\/12\/02-Jade-Senechal-300x300.jpeg 300w, https:\/\/osetavoie.com\/wp-content\/uploads\/2023\/12\/02-Jade-Senechal-150x150.jpeg 150w, https:\/\/osetavoie.com\/wp-content\/uploads\/2023\/12\/02-Jade-Senechal-768x768.jpeg 768w\" sizes=\"auto, (max-width: 800px) 100vw, 800px\" \/><\/figure>\n<\/div>\n\n\n<div style=\"height:10px\" aria-hidden=\"true\" class=\"wp-block-spacer\"><\/div>\n\n\n\n<h3 class=\"wp-block-heading has-text-align-center has-accent-color has-text-color has-link-color has-normal-font-size wp-elements-78137576915603d0b6abb92d084a174f\">Jade S\u00e9n\u00e9chal<\/h3>\n\n\n\n<p class=\"has-text-align-center has-small-font-size\" style=\"text-transform:uppercase\"><strong>ARCHITECTE HMONP FONDATRICE DE TRAMPOLINE ARCHITECTURE<\/strong><\/p>\n\n\n\n<p class=\"has-text-align-center\" style=\"font-size:14px\">\u00ab\u00a0Estelle est \u00e0 l\u2019\u00e9coute, ce qui lui permet de comprendre parfaitement les probl\u00e9matiques \u00e0 r\u00e9soudre. Gr\u00e2ce \u00e0 sa m\u00e9thode structur\u00e9e, elle permet \u00e0 ses coach\u00e9s de fixer des objectifs et de les atteindre. Je recommande vivement !\u00a0\u00bb<\/p>\n<\/div><\/div>\n\n\n\n<div class=\"wp-block-group has-white-background-color has-background\" style=\"padding-top:24px;padding-right:24px;padding-bottom:24px;padding-left:24px\"><div class=\"wp-block-group__inner-container is-layout-constrained wp-container-core-group-is-layout-4c7aa854 wp-block-group-is-layout-constrained\"><div class=\"wp-block-image is-style-rounded\">\n<figure class=\"aligncenter size-full is-resized\"><img loading=\"lazy\" decoding=\"async\" width=\"400\" height=\"400\" src=\"http:\/\/osetavoie.com\/wp-content\/uploads\/2023\/12\/07-Keina-Bendaoud.jpeg\" alt=\"\" class=\"wp-image-958\" style=\"width:100px;height:100px\" srcset=\"https:\/\/osetavoie.com\/wp-content\/uploads\/2023\/12\/07-Keina-Bendaoud.jpeg 400w, https:\/\/osetavoie.com\/wp-content\/uploads\/2023\/12\/07-Keina-Bendaoud-100x100.jpeg 100w, https:\/\/osetavoie.com\/wp-content\/uploads\/2023\/12\/07-Keina-Bendaoud-300x300.jpeg 300w, https:\/\/osetavoie.com\/wp-content\/uploads\/2023\/12\/07-Keina-Bendaoud-150x150.jpeg 150w\" sizes=\"auto, (max-width: 400px) 100vw, 400px\" \/><\/figure>\n<\/div>\n\n\n<div style=\"height:10px\" aria-hidden=\"true\" class=\"wp-block-spacer\"><\/div>\n\n\n\n<h3 class=\"wp-block-heading has-text-align-center has-accent-color has-text-color has-link-color has-normal-font-size wp-elements-95433785de3689f571a3ea7349ee43cb\">K\u00e9\u00efna Bendaoud<\/h3>\n\n\n\n<p class=\"has-text-align-center has-small-font-size\" style=\"text-transform:uppercase\"><strong>BUSINESS PROCESS DESIGNER ACCENTURE &#8211; EDF<\/strong><\/p>\n\n\n\n<p class=\"has-text-align-center\" style=\"font-size:14px\">\u00ab\u00a0Estelle est tr\u00e8s patiente et \u00e0 l&rsquo;\u00e9coute et m&rsquo;a permis d&rsquo;\u00e9voluer mentalement et professionnellement.\u00a0\u00bb<\/p>\n<\/div><\/div>\n\n\n\n<div class=\"wp-block-group has-white-background-color has-background\" style=\"padding-top:24px;padding-right:24px;padding-bottom:24px;padding-left:24px\"><div class=\"wp-block-group__inner-container is-layout-constrained wp-container-core-group-is-layout-4c7aa854 wp-block-group-is-layout-constrained\"><div class=\"wp-block-image is-style-rounded\">\n<figure class=\"aligncenter size-full is-resized\"><img loading=\"lazy\" decoding=\"async\" width=\"400\" height=\"400\" src=\"http:\/\/osetavoie.com\/wp-content\/uploads\/2023\/12\/08-Philippe-Vincent.jpeg\" alt=\"\" class=\"wp-image-959\" style=\"width:100px;height:100px\" srcset=\"https:\/\/osetavoie.com\/wp-content\/uploads\/2023\/12\/08-Philippe-Vincent.jpeg 400w, https:\/\/osetavoie.com\/wp-content\/uploads\/2023\/12\/08-Philippe-Vincent-100x100.jpeg 100w, https:\/\/osetavoie.com\/wp-content\/uploads\/2023\/12\/08-Philippe-Vincent-300x300.jpeg 300w, https:\/\/osetavoie.com\/wp-content\/uploads\/2023\/12\/08-Philippe-Vincent-150x150.jpeg 150w\" sizes=\"auto, (max-width: 400px) 100vw, 400px\" \/><\/figure>\n<\/div>\n\n\n<div style=\"height:10px\" aria-hidden=\"true\" class=\"wp-block-spacer\"><\/div>\n\n\n\n<h3 class=\"wp-block-heading has-text-align-center has-accent-color has-text-color has-link-color has-normal-font-size wp-elements-ee717e2b7463870ba353c33044e6fca0\">Philippe Vincent<\/h3>\n\n\n\n<p class=\"has-text-align-center has-small-font-size\" style=\"text-transform:uppercase\"><strong>VIP COACHING, CONSEIL<\/strong><\/p>\n\n\n\n<p class=\"has-text-align-center\" style=\"font-size:14px\">\u00ab\u00a0J&rsquo;ai b\u00e9n\u00e9fici\u00e9 du coaching d&rsquo;Estelle dans le cadre du programme R\u00e9ciprocoach fran\u00e7ais.<br>J&rsquo;ai appr\u00e9ci\u00e9 le coaching d&rsquo;Estelle qui \u00e9tait tr\u00e8s l&rsquo;\u00e9coute de mes enjeux et probl\u00e9matiques avec beaucoup de bienveillance et de respect. J&rsquo;ai pu mettre de l&rsquo;ordre dans mes priorit\u00e9s et avancer sur des sujets qui me tentaient \u00e0 coeur.<br>Merci beaucoup Estelle\u00a0\u00bb<\/p>\n<\/div><\/div>\n\n\n\n<div class=\"wp-block-group has-white-background-color has-background\" style=\"padding-top:24px;padding-right:24px;padding-bottom:24px;padding-left:24px\"><div class=\"wp-block-group__inner-container is-layout-constrained wp-container-core-group-is-layout-4c7aa854 wp-block-group-is-layout-constrained\"><div class=\"wp-block-image is-style-rounded\">\n<figure class=\"aligncenter size-full is-resized\"><img loading=\"lazy\" decoding=\"async\" width=\"400\" height=\"400\" src=\"http:\/\/osetavoie.com\/wp-content\/uploads\/2023\/12\/10-Caroline-Dekitspotter.jpeg\" alt=\"\" class=\"wp-image-962\" style=\"width:100px;height:100px\" srcset=\"https:\/\/osetavoie.com\/wp-content\/uploads\/2023\/12\/10-Caroline-Dekitspotter.jpeg 400w, https:\/\/osetavoie.com\/wp-content\/uploads\/2023\/12\/10-Caroline-Dekitspotter-100x100.jpeg 100w, https:\/\/osetavoie.com\/wp-content\/uploads\/2023\/12\/10-Caroline-Dekitspotter-300x300.jpeg 300w, https:\/\/osetavoie.com\/wp-content\/uploads\/2023\/12\/10-Caroline-Dekitspotter-150x150.jpeg 150w\" sizes=\"auto, (max-width: 400px) 100vw, 400px\" \/><\/figure>\n<\/div>\n\n\n<div style=\"height:10px\" aria-hidden=\"true\" class=\"wp-block-spacer\"><\/div>\n\n\n\n<h3 class=\"wp-block-heading has-text-align-center has-accent-color has-text-color has-link-color has-normal-font-size wp-elements-f1e7c2a14ad69b7bb68f1ab2d85c9fd9\">Caroline D.<\/h3>\n\n\n\n<p class=\"has-text-align-center has-small-font-size\" style=\"text-transform:uppercase\">Responsable Orange Avenir Sud-Est<\/p>\n\n\n\n<p class=\"has-text-align-center has-small-font-size\">\u00ab\u00a0\u00catre accompagn\u00e9 par Estelle c\u2019est tout d\u2019abord avancer dans un cadre d\u2019\u00e9coute et de non-jugement.<br>Estelle permet \u00e0 travers ses coachings individuels, d\u2019acc\u00e9der \u00e0 ses propres ressources et de retrouver confiance en soi, confiance en ses choix et ses d\u00e9cisions.<\/p>\n<\/div><\/div>\n\n\n<div class=\"wp-block-image is-style-rounded\">\n<figure class=\"aligncenter size-full is-resized\"><img loading=\"lazy\" decoding=\"async\" width=\"400\" height=\"400\" src=\"http:\/\/osetavoie.com\/wp-content\/uploads\/2023\/12\/06-Jean-Bernard-Mabire.jpeg\" alt=\"\" class=\"wp-image-955\" style=\"width:100px;height:100px\" srcset=\"https:\/\/osetavoie.com\/wp-content\/uploads\/2023\/12\/06-Jean-Bernard-Mabire.jpeg 400w, https:\/\/osetavoie.com\/wp-content\/uploads\/2023\/12\/06-Jean-Bernard-Mabire-100x100.jpeg 100w, https:\/\/osetavoie.com\/wp-content\/uploads\/2023\/12\/06-Jean-Bernard-Mabire-300x300.jpeg 300w, https:\/\/osetavoie.com\/wp-content\/uploads\/2023\/12\/06-Jean-Bernard-Mabire-150x150.jpeg 150w\" sizes=\"auto, (max-width: 400px) 100vw, 400px\" \/><\/figure>\n<\/div>\n\n\n<div style=\"height:10px\" aria-hidden=\"true\" class=\"wp-block-spacer\"><\/div>\n\n\n\n<h3 class=\"wp-block-heading has-text-align-center has-accent-color has-text-color has-link-color has-normal-font-size wp-elements-894af681fe5a36b93d37c126eae02032\">Jean-Bernard Mabire<\/h3>\n\n\n\n<p class=\"has-text-align-center has-small-font-size\" style=\"text-transform:uppercase\"><strong>PSYCHOLOGUE RESPONSABLE DE PROJETS &#8211; FONDATION M\u00c9D\u00c9RIC ALZHEIMER<\/strong><\/p>\n\n\n\n<p class=\"has-text-align-center\" style=\"font-size:14px\">\u00ab\u00a0J&rsquo;ai rencontr\u00e9 Estelle dans le cadre d&rsquo;une formation de prise de parole en public. Estelle a \u00e9t\u00e9 hyper pragmatique et tr\u00e8s \u00e0 l&rsquo;\u00e9coute et a su s&rsquo;adapter d&rsquo;une s\u00e9ance \u00e0 l&rsquo;autre pour que nous puissions m&rsquo;entra\u00eener sur des interventions orales non pr\u00e9vues \u00e0 l&rsquo;avance. Estelle m&rsquo;a r\u00e9ellement fait progresser et je l&rsquo;en remercie. Ses conseils toujours tr\u00e8s imag\u00e9s ont \u00e9t\u00e9 bien retenus et le seront encore.\u00a0\u00bb<\/p>\n\n\n\n<div class=\"wp-block-group has-white-background-color has-background\" style=\"padding-top:24px;padding-right:24px;padding-bottom:24px;padding-left:24px\"><div class=\"wp-block-group__inner-container is-layout-constrained wp-container-core-group-is-layout-4c7aa854 wp-block-group-is-layout-constrained\"><div class=\"wp-block-image is-style-rounded\">\n<figure class=\"aligncenter size-full is-resized\"><img loading=\"lazy\" decoding=\"async\" width=\"800\" height=\"800\" src=\"https:\/\/osetavoie.com\/wp-content\/uploads\/2024\/01\/laetitia-Pierre.jpeg\" alt=\"\" class=\"wp-image-1282\" style=\"width:100px;height:100px\" srcset=\"https:\/\/osetavoie.com\/wp-content\/uploads\/2024\/01\/laetitia-Pierre.jpeg 800w, https:\/\/osetavoie.com\/wp-content\/uploads\/2024\/01\/laetitia-Pierre-300x300.jpeg 300w, https:\/\/osetavoie.com\/wp-content\/uploads\/2024\/01\/laetitia-Pierre-150x150.jpeg 150w, https:\/\/osetavoie.com\/wp-content\/uploads\/2024\/01\/laetitia-Pierre-768x768.jpeg 768w, https:\/\/osetavoie.com\/wp-content\/uploads\/2024\/01\/laetitia-Pierre-508x508.jpeg 508w, https:\/\/osetavoie.com\/wp-content\/uploads\/2024\/01\/laetitia-Pierre-600x600.jpeg 600w, https:\/\/osetavoie.com\/wp-content\/uploads\/2024\/01\/laetitia-Pierre-100x100.jpeg 100w\" sizes=\"auto, (max-width: 800px) 100vw, 800px\" \/><\/figure>\n<\/div>\n\n\n<div style=\"height:10px\" aria-hidden=\"true\" class=\"wp-block-spacer\"><\/div>\n\n\n\n<h3 class=\"wp-block-heading has-text-align-center has-accent-color has-text-color has-link-color has-normal-font-size wp-elements-f4465da4bbba0f7824e92e949bc388cc\">Laetitia Pierre<\/h3>\n\n\n\n<p class=\"has-text-align-center has-small-font-size\" style=\"text-transform:uppercase\"><strong>Entrepreneur &#8211; Soci\u00e9t\u00e9 File ton cuir<\/strong><\/p>\n\n\n\n<p class=\"has-text-align-center\" style=\"font-size:14px\">\u00ab\u00a0Merci Estelle de m&rsquo;avoir accompagn\u00e9 au d\u00e9but de la cr\u00e9ation de ma soci\u00e9t\u00e9. On est souvent seul face \u00e0 toutes les \u00e9tapes et d\u00e9cisions. Elle a \u00e9t\u00e9 pour moi un soutien moral, une \u00e9coute attentive et douce. Une aide pr\u00e9cieuse pour ne pas perdre ce \u00e0 quoi l&rsquo;on tient vraiment dans notre projet.\u00a0\u00bb<\/p>\n<\/div><\/div>\n\n\n\n<div class=\"wp-block-group has-white-background-color has-background\" style=\"padding-top:24px;padding-right:24px;padding-bottom:24px;padding-left:24px\"><div class=\"wp-block-group__inner-container is-layout-constrained wp-container-core-group-is-layout-4c7aa854 wp-block-group-is-layout-constrained\"><div class=\"wp-block-image is-style-rounded\">\n<figure class=\"aligncenter size-full is-resized\"><img loading=\"lazy\" decoding=\"async\" width=\"384\" height=\"384\" src=\"http:\/\/osetavoie.com\/wp-content\/uploads\/2024\/01\/Catherine-Dagorn.jpeg\" alt=\"\" class=\"wp-image-1332\" style=\"width:100px;height:100px\" srcset=\"https:\/\/osetavoie.com\/wp-content\/uploads\/2024\/01\/Catherine-Dagorn.jpeg 384w, https:\/\/osetavoie.com\/wp-content\/uploads\/2024\/01\/Catherine-Dagorn-300x300.jpeg 300w, https:\/\/osetavoie.com\/wp-content\/uploads\/2024\/01\/Catherine-Dagorn-150x150.jpeg 150w, https:\/\/osetavoie.com\/wp-content\/uploads\/2024\/01\/Catherine-Dagorn-100x100.jpeg 100w\" sizes=\"auto, (max-width: 384px) 100vw, 384px\" \/><\/figure>\n<\/div>\n\n\n<div style=\"height:10px\" aria-hidden=\"true\" class=\"wp-block-spacer\"><\/div>\n\n\n\n<h3 class=\"wp-block-heading has-text-align-center has-accent-color has-text-color has-link-color has-normal-font-size wp-elements-c29b72a286ba1b92d42fd7c1dae91f2f\">Catherine Dagorn<\/h3>\n\n\n\n<p class=\"has-text-align-center has-small-font-size\" style=\"text-transform:uppercase\"><strong>directrice g\u00e9n\u00e9rale &#8211; S\u00e9ma\u00e9<\/strong><\/p>\n\n\n\n<p class=\"has-text-align-center\" style=\"font-size:14px\">\u00ab\u00a0J&rsquo;ai fait appel \u00e0 Estelle dans une p\u00e9riode au cours de laquelle j&rsquo;avais besoin de prendre du recul pour g\u00e9rer au mieux les modalit\u00e9s de d\u00e9part de mon entreprise et les questions de communication li\u00e9es. Au cours de cet accompagnement, j&rsquo;ai appr\u00e9ci\u00e9 le questionnement en douceur du coach alli\u00e9 \u00e0 des \u00e9clairages d&rsquo;exp\u00e9rience professionnelle de DRH m&rsquo;ayant permis de d\u00e9placer le regard et d&rsquo;adopter une nouvelle posture. Merci Estelle pour ces quatre s\u00e9ances ayant permis ce d\u00e9clic !\u00a0\u00bb<\/p>\n<\/div><\/div>\n<\/div>\n<\/div>\n","protected":false},"excerpt":{"rendered":"<p>Parce que l&rsquo;environnement professionnel peut \u00eatre parfois hostile et exigeant, se faire accompagner pour redevenir acteur de sa vie professionnelle. Ma promesse D\u00e9velopper votre niveau de conscience et d&rsquo;autonomie face \u00e0 vos probl\u00e9matiques professionnelles pour vous permettre d&rsquo;acc\u00e9der \u00e0 plus de satisfaction dans votre travail, d&rsquo;\u00e9quilibre dans votre vie et de confiance en vos capacit\u00e9s. [&hellip;]<\/p>\n","protected":false},"author":1,"featured_media":0,"parent":0,"menu_order":2,"comment_status":"closed","ping_status":"closed","template":"","meta":{"_themeisle_gutenberg_block_has_review":false,"_ti_tpc_template_sync":false,"_ti_tpc_template_id":"","footnotes":""},"class_list":["post-1009","page","type-page","status-publish","hentry"],"_links":{"self":[{"href":"https:\/\/osetavoie.com\/index.php\/wp-json\/wp\/v2\/pages\/1009","targetHints":{"allow":["GET"]}}],"collection":[{"href":"https:\/\/osetavoie.com\/index.php\/wp-json\/wp\/v2\/pages"}],"about":[{"href":"https:\/\/osetavoie.com\/index.php\/wp-json\/wp\/v2\/types\/page"}],"author":[{"embeddable":true,"href":"https:\/\/osetavoie.com\/index.php\/wp-json\/wp\/v2\/users\/1"}],"replies":[{"embeddable":true,"href":"https:\/\/osetavoie.com\/index.php\/wp-json\/wp\/v2\/comments?post=1009"}],"version-history":[{"count":40,"href":"https:\/\/osetavoie.com\/index.php\/wp-json\/wp\/v2\/pages\/1009\/revisions"}],"predecessor-version":[{"id":1563,"href":"https:\/\/osetavoie.com\/index.php\/wp-json\/wp\/v2\/pages\/1009\/revisions\/1563"}],"wp:attachment":[{"href":"https:\/\/osetavoie.com\/index.php\/wp-json\/wp\/v2\/media?parent=1009"}],"curies":[{"name":"wp","href":"https:\/\/api.w.org\/{rel}","templated":true}]}}