{"id":13,"date":"2023-12-04T08:11:34","date_gmt":"2023-12-04T07:11:34","guid":{"rendered":"https:\/\/osetavoie.com\/?page_id=13"},"modified":"2025-07-21T16:40:57","modified_gmt":"2025-07-21T14:40:57","slug":"temoignages","status":"publish","type":"page","link":"https:\/\/osetavoie.com\/index.php\/temoignages\/","title":{"rendered":"T\u00e9moignages"},"content":{"rendered":"\n<div class=\"wp-block-group alignwide is-content-justification-center\" style=\"margin-top:0px;margin-bottom:0px;padding-top:64px;padding-bottom:64px\"><div class=\"wp-block-group__inner-container is-layout-constrained wp-block-group-is-layout-constrained\">\n<div class=\"wp-block-columns is-layout-flex wp-container-core-columns-is-layout-9d6595d7 wp-block-columns-is-layout-flex\">\n<div class=\"wp-block-column is-layout-flow wp-block-column-is-layout-flow\" style=\"flex-basis:15%\"><\/div>\n\n\n\n<div class=\"wp-block-column is-layout-flow wp-block-column-is-layout-flow\" style=\"flex-basis:70%\">\n<h2 class=\"wp-block-heading has-text-align-center\">La parole est \u00e0 vous<\/h2>\n\n\n\n<p class=\"has-text-align-center has-medium-font-size\">D\u00e9couvrez ce que mes clients disent de moi<\/p>\n<\/div>\n\n\n\n<div class=\"wp-block-column is-layout-flow wp-block-column-is-layout-flow\" style=\"flex-basis:15%\"><\/div>\n<\/div>\n\n\n\n<div class=\"wp-block-group\"><div class=\"wp-block-group__inner-container is-layout-flow wp-block-group-is-layout-flow\">\n<div class=\"wp-block-columns are-vertically-aligned-top is-layout-flex wp-container-core-columns-is-layout-8f6a528b wp-block-columns-is-layout-flex\">\n<div class=\"wp-block-column is-vertically-aligned-top is-layout-flow wp-block-column-is-layout-flow\">\n<div class=\"wp-block-group has-white-background-color has-background\" style=\"padding-top:24px;padding-right:24px;padding-bottom:24px;padding-left:24px\"><div class=\"wp-block-group__inner-container is-layout-constrained wp-container-core-group-is-layout-4c7aa854 wp-block-group-is-layout-constrained\"><div class=\"wp-block-image is-style-rounded\">\n<figure class=\"aligncenter size-full is-resized\"><img loading=\"lazy\" decoding=\"async\" width=\"400\" height=\"400\" src=\"http:\/\/osetavoie.com\/wp-content\/uploads\/2023\/12\/01-Axel-Callet.jpeg\" alt=\"\" class=\"wp-image-946\" style=\"width:100px;height:100px\" srcset=\"https:\/\/osetavoie.com\/wp-content\/uploads\/2023\/12\/01-Axel-Callet.jpeg 400w, https:\/\/osetavoie.com\/wp-content\/uploads\/2023\/12\/01-Axel-Callet-100x100.jpeg 100w, https:\/\/osetavoie.com\/wp-content\/uploads\/2023\/12\/01-Axel-Callet-300x300.jpeg 300w, https:\/\/osetavoie.com\/wp-content\/uploads\/2023\/12\/01-Axel-Callet-150x150.jpeg 150w\" sizes=\"auto, (max-width: 400px) 100vw, 400px\" \/><\/figure>\n<\/div>\n\n\n<div style=\"height:10px\" aria-hidden=\"true\" class=\"wp-block-spacer\"><\/div>\n\n\n\n<h3 class=\"wp-block-heading has-text-align-center has-medium-font-size\">Axel Caillet<\/h3>\n\n\n\n<p class=\"has-text-align-center has-small-font-size\" style=\"text-transform:uppercase\"><strong>DIRECTEUR ADJOINT CHEZ VIE ET TUTELLE<\/strong><\/p>\n\n\n\n<p class=\"has-text-align-center\" style=\"font-size:14px\">\u00ab\u00a0Un bilan de comp\u00e9tence est un bon point d&rsquo;\u00e9tape dans une carri\u00e8re. Estelle a r\u00e9pondu \u00e0 l&rsquo;ensemble des attentes permettant une prise de recul sur ses comp\u00e9tences acquises et d&rsquo;avoir une vision claire de ce que l&rsquo;on souhaite pour la suite. Les conversations franches et d\u00e9contract\u00e9es ont \u00e9t\u00e9 un vrai plaisir et permis d&rsquo;aborder l&rsquo;ensemble des questions sans h\u00e9sitations. Je ne peux que la remercier pour son accompagnement.\u00a0\u00bb<\/p>\n<\/div><\/div>\n\n\n\n<div class=\"wp-block-group has-white-background-color has-background\" style=\"padding-top:24px;padding-right:24px;padding-bottom:24px;padding-left:24px\"><div class=\"wp-block-group__inner-container is-layout-constrained wp-container-core-group-is-layout-4c7aa854 wp-block-group-is-layout-constrained\"><div class=\"wp-block-image is-style-rounded\">\n<figure class=\"aligncenter size-full is-resized\"><img loading=\"lazy\" decoding=\"async\" width=\"317\" height=\"317\" src=\"http:\/\/osetavoie.com\/wp-content\/uploads\/2023\/12\/03-Yann-Luce-Antoinette-e1701953744786.jpeg\" alt=\"\" class=\"wp-image-949\" style=\"width:100px;height:100px\" srcset=\"https:\/\/osetavoie.com\/wp-content\/uploads\/2023\/12\/03-Yann-Luce-Antoinette-e1701953744786.jpeg 317w, https:\/\/osetavoie.com\/wp-content\/uploads\/2023\/12\/03-Yann-Luce-Antoinette-e1701953744786-100x100.jpeg 100w, https:\/\/osetavoie.com\/wp-content\/uploads\/2023\/12\/03-Yann-Luce-Antoinette-e1701953744786-300x300.jpeg 300w, https:\/\/osetavoie.com\/wp-content\/uploads\/2023\/12\/03-Yann-Luce-Antoinette-e1701953744786-150x150.jpeg 150w\" sizes=\"auto, (max-width: 317px) 100vw, 317px\" \/><\/figure>\n<\/div>\n\n\n<div style=\"height:10px\" aria-hidden=\"true\" class=\"wp-block-spacer\"><\/div>\n\n\n\n<h3 class=\"wp-block-heading has-text-align-center has-medium-font-size\">Yann Luce-Antoinette<\/h3>\n\n\n\n<p class=\"has-text-align-center has-small-font-size\" style=\"text-transform:uppercase\"><strong>CHARG\u00c9 DE GESTION ADMINISTRATIVE ET FINANCI\u00c8RE CHEZ OPERA NATIONAL DE PARIS<\/strong><\/p>\n\n\n\n<p class=\"has-text-align-center\" style=\"font-size:14px\">\u00ab\u00a0Je recommande amplement Estelle Cunat pour l&rsquo;accompagnement d&rsquo;un bilan de comp\u00e9tences. J&rsquo;ai particuli\u00e8rement appr\u00e9ci\u00e9 son professionnalisme, sa perspicacit\u00e9 et sa clairvoyance. Elle m&rsquo;a permis d&rsquo;affiner mes aspirations professionnelles et j&rsquo;en garde un excellent souvenir et d\u00e9sormais de nouvelles perspectives de carri\u00e8res. Un grand merci \u00e0 vous.\u00a0\u00bb<\/p>\n<\/div><\/div>\n\n\n\n<div class=\"wp-block-group has-white-background-color has-background\" style=\"padding-top:24px;padding-right:24px;padding-bottom:24px;padding-left:24px\"><div class=\"wp-block-group__inner-container is-layout-constrained wp-container-core-group-is-layout-4c7aa854 wp-block-group-is-layout-constrained\"><div class=\"wp-block-image is-style-rounded\">\n<figure class=\"aligncenter size-full is-resized\"><img loading=\"lazy\" decoding=\"async\" width=\"400\" height=\"400\" src=\"http:\/\/osetavoie.com\/wp-content\/uploads\/2023\/12\/06-Jean-Bernard-Mabire.jpeg\" alt=\"\" class=\"wp-image-955\" style=\"width:100px;height:100px\" srcset=\"https:\/\/osetavoie.com\/wp-content\/uploads\/2023\/12\/06-Jean-Bernard-Mabire.jpeg 400w, https:\/\/osetavoie.com\/wp-content\/uploads\/2023\/12\/06-Jean-Bernard-Mabire-100x100.jpeg 100w, https:\/\/osetavoie.com\/wp-content\/uploads\/2023\/12\/06-Jean-Bernard-Mabire-300x300.jpeg 300w, https:\/\/osetavoie.com\/wp-content\/uploads\/2023\/12\/06-Jean-Bernard-Mabire-150x150.jpeg 150w\" sizes=\"auto, (max-width: 400px) 100vw, 400px\" \/><\/figure>\n<\/div>\n\n\n<div style=\"height:10px\" aria-hidden=\"true\" class=\"wp-block-spacer\"><\/div>\n\n\n\n<h3 class=\"wp-block-heading has-text-align-center has-medium-font-size\">Jean-Bernard Marie<\/h3>\n\n\n\n<p class=\"has-text-align-center has-small-font-size\" style=\"text-transform:uppercase\"><strong>PSYCHOLOGUE RESPONSABLE DE PROJETS &#8211; FONDATION M\u00c9D\u00c9RIC ALZHEIMER<\/strong><\/p>\n\n\n\n<p class=\"has-text-align-center\" style=\"font-size:14px\">\u00ab\u00a0\u00a0\u00bbJ&rsquo;ai rencontr\u00e9 Estelle dans le cadre d&rsquo;une formation de prise de parole en public. Estelle a \u00e9t\u00e9 hyper pragmatique et tr\u00e8s \u00e0 l&rsquo;\u00e9coute et a su s&rsquo;adapter d&rsquo;une s\u00e9ance \u00e0 l&rsquo;autre pour que nous puissions m&rsquo;entra\u00eener sur des interventions orales non pr\u00e9vues \u00e0 l&rsquo;avance. Estelle m&rsquo;a r\u00e9ellement fait progresser et je l&rsquo;en remercie. Ses conseils toujours tr\u00e8s imag\u00e9s ont \u00e9t\u00e9 bien retenus et le seront encore.\u00a0\u00bb\u00a0\u00bb<\/p>\n<\/div><\/div>\n\n\n\n<div class=\"wp-block-group has-white-background-color has-background\" style=\"padding-top:24px;padding-right:24px;padding-bottom:24px;padding-left:24px\"><div class=\"wp-block-group__inner-container is-layout-constrained wp-container-core-group-is-layout-4c7aa854 wp-block-group-is-layout-constrained\"><div class=\"wp-block-image is-style-rounded\">\n<figure class=\"aligncenter size-full is-resized\"><img loading=\"lazy\" decoding=\"async\" width=\"400\" height=\"400\" src=\"http:\/\/osetavoie.com\/wp-content\/uploads\/2023\/12\/08-Philippe-Vincent.jpeg\" alt=\"\" class=\"wp-image-959\" style=\"width:100px;height:100px\" srcset=\"https:\/\/osetavoie.com\/wp-content\/uploads\/2023\/12\/08-Philippe-Vincent.jpeg 400w, https:\/\/osetavoie.com\/wp-content\/uploads\/2023\/12\/08-Philippe-Vincent-100x100.jpeg 100w, https:\/\/osetavoie.com\/wp-content\/uploads\/2023\/12\/08-Philippe-Vincent-300x300.jpeg 300w, https:\/\/osetavoie.com\/wp-content\/uploads\/2023\/12\/08-Philippe-Vincent-150x150.jpeg 150w\" sizes=\"auto, (max-width: 400px) 100vw, 400px\" \/><\/figure>\n<\/div>\n\n\n<div style=\"height:10px\" aria-hidden=\"true\" class=\"wp-block-spacer\"><\/div>\n\n\n\n<h3 class=\"wp-block-heading has-text-align-center has-medium-font-size\">Philippe Vincent<\/h3>\n\n\n\n<p class=\"has-text-align-center has-small-font-size\" style=\"text-transform:uppercase\"><strong>VIP COACHING, CONSEIL<\/strong><\/p>\n\n\n\n<p class=\"has-text-align-center\" style=\"font-size:14px\">\u00ab\u00a0J&rsquo;ai b\u00e9n\u00e9fici\u00e9 du coaching d&rsquo;Estelle dans le cadre du programme R\u00e9ciprocoach fran\u00e7ais.<br>J&rsquo;ai appr\u00e9ci\u00e9 le coaching d&rsquo;Estelle qui \u00e9tait tr\u00e8s l&rsquo;\u00e9coute de mes enjeux et probl\u00e9matiques avec beaucoup de bienveillance et de respect. J&rsquo;ai pu mettre de l&rsquo;ordre dans mes priorit\u00e9s et avancer sur des sujets qui me tentaient \u00e0 coeur.<br>Merci beaucoup Estelle\u00a0\u00bb<\/p>\n<\/div><\/div>\n\n\n\n<div class=\"wp-block-group has-white-background-color has-background\" style=\"padding-top:24px;padding-right:24px;padding-bottom:24px;padding-left:24px\"><div class=\"wp-block-group__inner-container is-layout-constrained wp-container-core-group-is-layout-4c7aa854 wp-block-group-is-layout-constrained\"><div class=\"wp-block-image is-style-rounded\">\n<figure class=\"aligncenter size-full is-resized\"><img loading=\"lazy\" decoding=\"async\" width=\"400\" height=\"400\" src=\"http:\/\/osetavoie.com\/wp-content\/uploads\/2023\/12\/10-Caroline-Dekitspotter.jpeg\" alt=\"\" class=\"wp-image-962\" style=\"width:100px;height:100px\" srcset=\"https:\/\/osetavoie.com\/wp-content\/uploads\/2023\/12\/10-Caroline-Dekitspotter.jpeg 400w, https:\/\/osetavoie.com\/wp-content\/uploads\/2023\/12\/10-Caroline-Dekitspotter-100x100.jpeg 100w, https:\/\/osetavoie.com\/wp-content\/uploads\/2023\/12\/10-Caroline-Dekitspotter-300x300.jpeg 300w, https:\/\/osetavoie.com\/wp-content\/uploads\/2023\/12\/10-Caroline-Dekitspotter-150x150.jpeg 150w\" sizes=\"auto, (max-width: 400px) 100vw, 400px\" \/><\/figure>\n<\/div>\n\n\n<div style=\"height:10px\" aria-hidden=\"true\" class=\"wp-block-spacer\"><\/div>\n\n\n\n<h3 class=\"wp-block-heading has-text-align-center has-medium-font-size\">Caroline Dekytspotter<\/h3>\n\n\n\n<p class=\"has-text-align-center has-small-font-size\" style=\"text-transform:uppercase\"><strong>RESPONSABLE ORAGE AVENIR SUD-EST<\/strong><\/p>\n\n\n\n<p class=\"has-text-align-center\" style=\"font-size:14px\">\u00ab\u00a0\u00catre accompagn\u00e9 par Estelle c\u2019est tout d\u2019abord avancer dans un cadre d\u2019\u00e9coute et de non-jugement.<br>Estelle permet \u00e0 travers ses Coachings individuels, d\u2019acc\u00e9der \u00e0 ses propres ressources et de retrouver confiance en soi, confiance en ses choix et ses d\u00e9cisions.\u00a0\u00bb<\/p>\n<\/div><\/div>\n\n\n\n<div class=\"wp-block-group has-white-background-color has-background\" style=\"padding-top:24px;padding-right:24px;padding-bottom:24px;padding-left:24px\"><div class=\"wp-block-group__inner-container is-layout-constrained wp-container-core-group-is-layout-4c7aa854 wp-block-group-is-layout-constrained\">\n<div style=\"height:10px\" aria-hidden=\"true\" class=\"wp-block-spacer\"><\/div>\n\n\n\n<p class=\"has-text-align-center\" style=\"font-size:14px\"><\/p>\n<\/div><\/div>\n<\/div>\n\n\n\n<div class=\"wp-block-column is-vertically-aligned-top is-layout-flow wp-block-column-is-layout-flow\">\n<div class=\"wp-block-group has-white-background-color has-background\" style=\"padding-top:24px;padding-right:24px;padding-bottom:24px;padding-left:24px\"><div class=\"wp-block-group__inner-container is-layout-constrained wp-container-core-group-is-layout-4c7aa854 wp-block-group-is-layout-constrained\"><div class=\"wp-block-image is-style-rounded\">\n<figure class=\"aligncenter size-full is-resized\"><img loading=\"lazy\" decoding=\"async\" width=\"800\" height=\"800\" src=\"http:\/\/osetavoie.com\/wp-content\/uploads\/2023\/12\/02-Jade-Senechal.jpeg\" alt=\"\" class=\"wp-image-948\" style=\"width:100px;height:100px\" srcset=\"https:\/\/osetavoie.com\/wp-content\/uploads\/2023\/12\/02-Jade-Senechal.jpeg 800w, https:\/\/osetavoie.com\/wp-content\/uploads\/2023\/12\/02-Jade-Senechal-100x100.jpeg 100w, https:\/\/osetavoie.com\/wp-content\/uploads\/2023\/12\/02-Jade-Senechal-600x600.jpeg 600w, https:\/\/osetavoie.com\/wp-content\/uploads\/2023\/12\/02-Jade-Senechal-300x300.jpeg 300w, https:\/\/osetavoie.com\/wp-content\/uploads\/2023\/12\/02-Jade-Senechal-150x150.jpeg 150w, https:\/\/osetavoie.com\/wp-content\/uploads\/2023\/12\/02-Jade-Senechal-768x768.jpeg 768w\" sizes=\"auto, (max-width: 800px) 100vw, 800px\" \/><\/figure>\n<\/div>\n\n\n<div style=\"height:10px\" aria-hidden=\"true\" class=\"wp-block-spacer\"><\/div>\n\n\n\n<h3 class=\"wp-block-heading has-text-align-center has-medium-font-size\">Jade S\u00e9n\u00e9chal<\/h3>\n\n\n\n<p class=\"has-text-align-center has-small-font-size\" style=\"text-transform:uppercase\"><strong>ARCHITECTE HMONP FONDATRICE DE TRAMPOLINE ARCHITECTURE<\/strong><\/p>\n\n\n\n<p class=\"has-text-align-center\" style=\"font-size:14px\">\u00ab\u00a0Estelle est \u00e0 l\u2019\u00e9coute, ce qui lui permet de comprendre parfaitement les probl\u00e9matiques \u00e0 r\u00e9soudre. Gr\u00e2ce \u00e0 sa m\u00e9thode structur\u00e9e, elle permet \u00e0 ses coach\u00e9s de fixer des objectifs et de les atteindre. Je recommande vivement !\u00a0\u00bb<\/p>\n<\/div><\/div>\n\n\n\n<div class=\"wp-block-group has-white-background-color has-background\" style=\"padding-top:24px;padding-right:24px;padding-bottom:24px;padding-left:24px\"><div class=\"wp-block-group__inner-container is-layout-constrained wp-container-core-group-is-layout-4c7aa854 wp-block-group-is-layout-constrained\"><div class=\"wp-block-image is-style-rounded\">\n<figure class=\"aligncenter size-full is-resized\"><img loading=\"lazy\" decoding=\"async\" width=\"366\" height=\"366\" src=\"http:\/\/osetavoie.com\/wp-content\/uploads\/2023\/12\/05-Cecile-Blanchard.jpeg\" alt=\"\" class=\"wp-image-953\" style=\"width:100px;height:100px\" srcset=\"https:\/\/osetavoie.com\/wp-content\/uploads\/2023\/12\/05-Cecile-Blanchard.jpeg 366w, https:\/\/osetavoie.com\/wp-content\/uploads\/2023\/12\/05-Cecile-Blanchard-100x100.jpeg 100w, https:\/\/osetavoie.com\/wp-content\/uploads\/2023\/12\/05-Cecile-Blanchard-300x300.jpeg 300w, https:\/\/osetavoie.com\/wp-content\/uploads\/2023\/12\/05-Cecile-Blanchard-150x150.jpeg 150w\" sizes=\"auto, (max-width: 366px) 100vw, 366px\" \/><\/figure>\n<\/div>\n\n\n<div style=\"height:10px\" aria-hidden=\"true\" class=\"wp-block-spacer\"><\/div>\n\n\n\n<h3 class=\"wp-block-heading has-text-align-center has-medium-font-size\">C\u00e9cile Blanchard<\/h3>\n\n\n\n<p class=\"has-text-align-center has-small-font-size\" style=\"text-transform:uppercase\"><strong>INDEPENDENT ARTIST<\/strong><\/p>\n\n\n\n<p class=\"has-text-align-center\" style=\"font-size:14px\">\u00ab\u00a0Bilan de comp\u00e9tences tr\u00e8s instructif et constructif avec Estelle.&nbsp;<br>Cela m&rsquo;a permis de mieux me connaitre sur le plan professionnel, de cerner mes points forts et faibles, et d&rsquo;identifier des formations pour me renforcer sur certaines connaissances ou comp\u00e9tences.&nbsp;<br>Le contact avec Estelle a \u00e9t\u00e9 tr\u00e8s facile, elle a \u00e9t\u00e9 tout du long \u00e0 l&rsquo;\u00e9coute de mes besoins et questions et a pu m&rsquo;apporter des r\u00e9ponses sur des aspects tr\u00e8s op\u00e9rationnels.<br>Un bilan donc tr\u00e8s profitable et un renforcement professionnel tr\u00e8s net.<br>Merci !\u00a0\u00bb<\/p>\n<\/div><\/div>\n\n\n\n<div class=\"wp-block-group has-white-background-color has-background\" style=\"padding-top:24px;padding-right:24px;padding-bottom:24px;padding-left:24px\"><div class=\"wp-block-group__inner-container is-layout-constrained wp-container-core-group-is-layout-4c7aa854 wp-block-group-is-layout-constrained\"><div class=\"wp-block-image is-style-rounded\">\n<figure class=\"aligncenter size-full is-resized\"><img loading=\"lazy\" decoding=\"async\" width=\"400\" height=\"400\" src=\"http:\/\/osetavoie.com\/wp-content\/uploads\/2023\/12\/07-Keina-Bendaoud.jpeg\" alt=\"\" class=\"wp-image-958\" style=\"width:100px;height:100px\" srcset=\"https:\/\/osetavoie.com\/wp-content\/uploads\/2023\/12\/07-Keina-Bendaoud.jpeg 400w, https:\/\/osetavoie.com\/wp-content\/uploads\/2023\/12\/07-Keina-Bendaoud-100x100.jpeg 100w, https:\/\/osetavoie.com\/wp-content\/uploads\/2023\/12\/07-Keina-Bendaoud-300x300.jpeg 300w, https:\/\/osetavoie.com\/wp-content\/uploads\/2023\/12\/07-Keina-Bendaoud-150x150.jpeg 150w\" sizes=\"auto, (max-width: 400px) 100vw, 400px\" \/><\/figure>\n<\/div>\n\n\n<div style=\"height:10px\" aria-hidden=\"true\" class=\"wp-block-spacer\"><\/div>\n\n\n\n<h3 class=\"wp-block-heading has-text-align-center has-medium-font-size\">K\u00e9\u00efna Bendaoud<\/h3>\n\n\n\n<p class=\"has-text-align-center has-small-font-size\" style=\"text-transform:uppercase\"><strong>BUSINESS PROCESS DESIGNER ACCENTURE &#8211; EDF<\/strong><\/p>\n\n\n\n<p class=\"has-text-align-center\" style=\"font-size:14px\">\u00ab\u00a0Estelle est tr\u00e8s patiente et \u00e0 l&rsquo;\u00e9coute et m&rsquo;a permis d&rsquo;\u00e9voluer mentalement et professionnellement.\u00a0\u00bb<\/p>\n<\/div><\/div>\n\n\n\n<div class=\"wp-block-group has-white-background-color has-background\" style=\"padding-top:24px;padding-right:24px;padding-bottom:24px;padding-left:24px\"><div class=\"wp-block-group__inner-container is-layout-constrained wp-container-core-group-is-layout-4c7aa854 wp-block-group-is-layout-constrained\"><div class=\"wp-block-image is-style-rounded\">\n<figure class=\"aligncenter size-full is-resized\"><img loading=\"lazy\" decoding=\"async\" width=\"285\" height=\"285\" src=\"http:\/\/osetavoie.com\/wp-content\/uploads\/2023\/12\/09-Yves-le-Meur.jpeg\" alt=\"\" class=\"wp-image-961\" style=\"width:100px;height:100px\" srcset=\"https:\/\/osetavoie.com\/wp-content\/uploads\/2023\/12\/09-Yves-le-Meur.jpeg 285w, https:\/\/osetavoie.com\/wp-content\/uploads\/2023\/12\/09-Yves-le-Meur-100x100.jpeg 100w, https:\/\/osetavoie.com\/wp-content\/uploads\/2023\/12\/09-Yves-le-Meur-150x150.jpeg 150w\" sizes=\"auto, (max-width: 285px) 100vw, 285px\" \/><\/figure>\n<\/div>\n\n\n<div style=\"height:10px\" aria-hidden=\"true\" class=\"wp-block-spacer\"><\/div>\n\n\n\n<h3 class=\"wp-block-heading has-text-align-center has-medium-font-size\">Yves Le Meur<\/h3>\n\n\n\n<p class=\"has-text-align-center has-small-font-size\" style=\"text-transform:uppercase\"><strong>DIRECTEUR G\u00c9N\u00c9RAL AAREON FRANCE<\/strong><\/p>\n\n\n\n<p class=\"has-text-align-center\" style=\"font-size:14px\">\u00ab\u00a0Particuli\u00e8rement pertinente dans l analyse situationelle , dot\u00e9e d\u2019une grande sensibilit\u00e9 , beaucoup d\u2019empathie , bienveillance , attir\u00e9 par le d\u00e9veloppement des potentiels humains , voil\u00e0 ce qui me vient \u00e0 l esprit quand pense \u00e0 Estelle. J ai eu le plaisir de travailler avec Estelle RRH de la soci\u00e9t\u00e9 pendant 14 ans comme coll\u00e8gue et 3 ans comme son DG , j ai pu pendant cette longue p\u00e9riode appr\u00e9cier son professionnalisme, son \u00e9coute , son engagement dans son travail , sa qualit\u00e9 de synth\u00e8se et ses aptitudes \u00e0 accompagner les situations humaines. Pour tout cela, je recommande Estelle dans ses nouvelles fonctions.\u00a0\u00bb<\/p>\n<\/div><\/div>\n\n\n\n<div class=\"wp-block-group has-white-background-color has-background\" style=\"padding-top:24px;padding-right:24px;padding-bottom:24px;padding-left:24px\"><div class=\"wp-block-group__inner-container is-layout-constrained wp-container-core-group-is-layout-4c7aa854 wp-block-group-is-layout-constrained\"><div class=\"wp-block-image is-style-rounded\">\n<figure class=\"aligncenter size-full is-resized\"><img loading=\"lazy\" decoding=\"async\" width=\"400\" height=\"400\" src=\"http:\/\/osetavoie.com\/wp-content\/uploads\/2023\/12\/04-Emmanuelle-archambault.jpeg\" alt=\"\" class=\"wp-image-952\" style=\"width:100px;height:100px\" srcset=\"https:\/\/osetavoie.com\/wp-content\/uploads\/2023\/12\/04-Emmanuelle-archambault.jpeg 400w, https:\/\/osetavoie.com\/wp-content\/uploads\/2023\/12\/04-Emmanuelle-archambault-100x100.jpeg 100w, https:\/\/osetavoie.com\/wp-content\/uploads\/2023\/12\/04-Emmanuelle-archambault-300x300.jpeg 300w, https:\/\/osetavoie.com\/wp-content\/uploads\/2023\/12\/04-Emmanuelle-archambault-150x150.jpeg 150w\" sizes=\"auto, (max-width: 400px) 100vw, 400px\" \/><\/figure>\n<\/div>\n\n\n<div style=\"height:10px\" aria-hidden=\"true\" class=\"wp-block-spacer\"><\/div>\n\n\n\n<h3 class=\"wp-block-heading has-text-align-center has-medium-font-size\">Emmanuelle Archambault<\/h3>\n\n\n\n<p class=\"has-text-align-center has-small-font-size\" style=\"text-transform:uppercase\"><strong>STRAT\u00c9GIE, R\u00c9DACTIONNELLE , CONSULTANTE RSE<\/strong><\/p>\n\n\n\n<p class=\"has-text-align-center\" style=\"font-size:14px\">\u00ab\u00a0Un bilan de comp\u00e9tences, tout le monde devrait en faire un au cours de sa vie professionnelle. C&rsquo;est une belle opportunit\u00e9, peut-\u00eatre m\u00eame la seule, de se retourner un moment sur le chemin parcouru pour voir sur quoi on peut s&rsquo;appuyer, pour imaginer un avenir pro en accord avec nos d\u00e9sirs et valeurs. Pour moi, il aura \u00e9t\u00e9 le r\u00e9v\u00e9lateur de mes comp\u00e9tences, de mes capacit\u00e9s et de mon savoir-\u00eatre au travail. Nous ne sommes pas toujours conscients de nos talents et surtout de nos potentialit\u00e9s. Le bilan permet cela, il aide \u00e0 redonner confiance et ensuite \u00e0 se lancer, \u00e0 oser faire autrement. La dur\u00e9e du bilan (dans mon cas 3 mois) est \u00e9galement une donn\u00e9e importante. Il faut prendre le temps d&rsquo;int\u00e9rioriser, le travail se fait petit \u00e0 petit, il faut laisser infuser, je crois que c&rsquo;est une autre des le\u00e7ons que je retiendrai. Aujourd&rsquo;hui, une nouvelle aventure s&rsquo;offre \u00e0 moi, c&rsquo;est assez excitant m\u00eame si \u00e7a fait peur (un peu). J&rsquo;ai l&rsquo;impression d&rsquo;\u00eatre en phase avec mes aspirations profondes, ce qui est un sentiment tr\u00e8s mobilisant. Merci Estelle de m&rsquo;avoir accompagn\u00e9 sur ces semaines importantes dans ma vie de \u00ab\u00a0grande\u00a0\u00bb personne de 50 ans. J&rsquo;ai appr\u00e9ci\u00e9 votre \u00e9coute, votre approche et la juste proximit\u00e9 que vous induisez. Cela m&rsquo;a mis dans les meilleures conditions pour me livrer, raconter le bon et le moins bon, et donn\u00e9 de l&rsquo;assurance pour b\u00e2tir sous votre regard juste et bienveillant une nouvelle structure, qui va s&rsquo;enrichir de tout ce qui va suivre. Encore merci !\u00a0\u00bb<\/p>\n<\/div><\/div>\n<\/div>\n<\/div>\n<\/div><\/div>\n<\/div><\/div>\n","protected":false},"excerpt":{"rendered":"<p>La parole est \u00e0 vous D\u00e9couvrez ce que mes clients disent de moi Axel Caillet DIRECTEUR ADJOINT CHEZ VIE ET TUTELLE \u00ab\u00a0Un bilan de comp\u00e9tence est un bon point d&rsquo;\u00e9tape dans une carri\u00e8re. Estelle a r\u00e9pondu \u00e0 l&rsquo;ensemble des attentes permettant une prise de recul sur ses comp\u00e9tences acquises et d&rsquo;avoir une vision claire de [&hellip;]<\/p>\n","protected":false},"author":1,"featured_media":0,"parent":0,"menu_order":4,"comment_status":"closed","ping_status":"closed","template":"","meta":{"_themeisle_gutenberg_block_has_review":false,"_ti_tpc_template_sync":false,"_ti_tpc_template_id":"","footnotes":""},"class_list":["post-13","page","type-page","status-publish","hentry"],"_links":{"self":[{"href":"https:\/\/osetavoie.com\/index.php\/wp-json\/wp\/v2\/pages\/13","targetHints":{"allow":["GET"]}}],"collection":[{"href":"https:\/\/osetavoie.com\/index.php\/wp-json\/wp\/v2\/pages"}],"about":[{"href":"https:\/\/osetavoie.com\/index.php\/wp-json\/wp\/v2\/types\/page"}],"author":[{"embeddable":true,"href":"https:\/\/osetavoie.com\/index.php\/wp-json\/wp\/v2\/users\/1"}],"replies":[{"embeddable":true,"href":"https:\/\/osetavoie.com\/index.php\/wp-json\/wp\/v2\/comments?post=13"}],"version-history":[{"count":9,"href":"https:\/\/osetavoie.com\/index.php\/wp-json\/wp\/v2\/pages\/13\/revisions"}],"predecessor-version":[{"id":1548,"href":"https:\/\/osetavoie.com\/index.php\/wp-json\/wp\/v2\/pages\/13\/revisions\/1548"}],"wp:attachment":[{"href":"https:\/\/osetavoie.com\/index.php\/wp-json\/wp\/v2\/media?parent=13"}],"curies":[{"name":"wp","href":"https:\/\/api.w.org\/{rel}","templated":true}]}}